{"id":11129,"date":"2021-01-26T21:42:56","date_gmt":"2021-01-26T21:42:56","guid":{"rendered":"https:\/\/bruderklaus.com\/angebote-wallfahrt\/referenten-2\/"},"modified":"2022-07-27T17:08:23","modified_gmt":"2022-07-27T15:08:23","slug":"referenten-2","status":"publish","type":"page","link":"https:\/\/bruderklaus.com\/fr\/angebote-wallfahrt\/referenten-2\/","title":{"rendered":"Conf\u00e9renciers"},"content":{"rendered":"\n<h2 class=\"wp-block-heading\">Conf\u00e9renciers<\/h2>\n\n\n\n<p>Nicolas de Flue et Doroth\u00e9e Wyss, avec leurs messages intemporels, int\u00e9ressent et mobilisent un large public. Des conf\u00e9renciers comp\u00e9tents se tiennent \u00e0 disposition pour des conf\u00e9rences, des entretiens, des tables rondes sur divers rh\u00e8mes. <\/p>\n\n\n\n<p>Bo\u00eete \u00e0 livres compos\u00e9e individuellement avec de la litt\u00e9rature\/des m\u00e9dias pour des s\u00e9minaires, des \u00e9v\u00e9nements d&#8217;entreprise, de paroisse ou d&#8217;association sur demande. <a href=\"mailto: kontakt@bruderklaus.com\">E-Mail<\/a><\/p>\n\n\n\n<div class=\"wp-block-columns is-layout-flex wp-container-core-columns-layout-1 wp-block-columns-is-layout-flex\">\n<div class=\"wp-block-column is-layout-flow wp-block-column-is-layout-flow\" style=\"flex-basis:33.33%\">\n<figure class=\"wp-block-image size-large\"><img decoding=\"async\" width=\"1189\" height=\"1725\" src=\"https:\/\/bruderklaus.com\/wp-content\/uploads\/2021\/03\/amherdt_fx1.jpg\" alt=\"\" class=\"wp-image-2691\"\/><\/figure>\n<\/div>\n\n\n\n<div class=\"wp-block-column is-layout-flow wp-block-column-is-layout-flow\" style=\"flex-basis:66.66%\">\n<p><strong>Prof. th\u00e9ol. Fran\u00e7ois-Xavier Amherdt<br><\/strong>Rue de Morat 8, 1700 Fribourg<br>Pr\u00eatre, Prof. de th\u00e9ologie \u00e0 l\u2019Uni de Fribourg<br>+41 (0)26 300 74 27, +41 (0)26&nbsp;321 36 95, <a href=\"mailto:fxa@netplus.ch\">fxa@netplus.ch<\/a> <a href=\"http:\/\/www.unifr.ch\/pastoral\/fr\/\">http:\/\/www.unifr.ch\/pastoral\/fr\/<\/a><\/p>\n\n\n\n<p><strong>Th\u00e8me :<br>\u00abNicolas de Flue, une spiritualit\u00e9 pour notre temps\u00bb<\/strong><br>Quelles pistes spirituelles l\u2019\u00eatre, l\u2019agir et la pens\u00e9e de Nicolas de Flue offrent-ils pour aujourd\u2019hui ?<\/p>\n\n\n\n<p>Langues : <strong>Fran\u00e7ais<\/strong>, Allemand<\/p>\n\n\n\n<p><\/p>\n<\/div>\n<\/div>\n\n\n\n<hr class=\"wp-block-separator has-css-opacity\"\/>\n\n\n\n<div class=\"wp-block-columns is-layout-flex wp-container-core-columns-layout-2 wp-block-columns-is-layout-flex\">\n<div class=\"wp-block-column is-layout-flow wp-block-column-is-layout-flow\" style=\"flex-basis:33.33%\">\n<figure class=\"wp-block-image size-large\"><img decoding=\"async\" width=\"1702\" height=\"2560\" src=\"https:\/\/bruderklaus.com\/wp-content\/uploads\/2021\/03\/beier_hedwig-201.jpg\" alt=\"\" class=\"wp-image-2696\"\/><\/figure>\n<\/div>\n\n\n\n<div class=\"wp-block-column is-layout-flow wp-block-column-is-layout-flow\" style=\"flex-basis:66.66%\">\n<p><strong>Hedwig Beier<br><\/strong>Fahnbach 1, 84533 Haiming (Oberbayern), Deutschland<br>Familienfrau, Geistliche Begleiterin, Referentin<br>+49 8678 98<br><a href=\"mailto:beier@beiernetz.de\">beier@beiernetz.de<\/a>, <a href=\"http:\/\/www.hedwig-beier.de\">www.hedwig-beier.de<\/a><\/p>\n\n\n\n<p><strong>Th\u00e8me :<br>Niklaus und Dorothee: Ihre Botschaft f\u00fcr uns heute!<\/strong><\/p>\n\n\n\n<p>Langue : Allemand<\/p>\n<\/div>\n<\/div>\n\n\n\n<div class=\"wp-block-columns is-layout-flex wp-container-core-columns-layout-4 wp-block-columns-is-layout-flex\">\n<div class=\"wp-block-column is-layout-flow wp-block-column-is-layout-flow\">\n<hr class=\"wp-block-separator has-css-opacity\"\/>\n\n\n\n<div class=\"wp-block-columns is-layout-flex wp-container-core-columns-layout-3 wp-block-columns-is-layout-flex\">\n<div class=\"wp-block-column is-layout-flow wp-block-column-is-layout-flow\" style=\"flex-basis:33.33%\">\n<figure class=\"wp-block-image size-full\"><a href=\"https:\/\/bruderklaus.com\/wp-content\/uploads\/2021\/03\/Bruder-Klaus-Logo-Rad-5.jpg\"><img decoding=\"async\" width=\"545\" height=\"538\" src=\"https:\/\/bruderklaus.com\/wp-content\/uploads\/2021\/03\/Bruder-Klaus-Logo-Rad-5.jpg\" alt=\"\" class=\"wp-image-2665\"\/><\/a><\/figure>\n<\/div>\n\n\n\n<div class=\"wp-block-column is-layout-flow wp-block-column-is-layout-flow\" style=\"flex-basis:66.66%\">\n<p><strong>Kathrin Benz Morisoli<br><\/strong>via Pedm\u00f9nt 29a, 6513 Monte Carasso\/TI<br>Auteure \u00abNicolas de Flue, un d\u00e9serteur\u00bb (Der Aussteiger, Bruder Klaus f\u00fcr Skeptiker \/ San Nicolao della Flue)<br>+41 (0)91 826 46 31, +41 (0)79 643 92 85, <a href=\"mailto:morisoli.kathrin@bluewin.ch\">morisoli.kathrin@bluewin.ch<\/a><\/p>\n\n\n\n<p><strong>Th\u00e8me :<br>L&#8217;histoire de la vie de Fr\u00e8re Nicolas en images<\/strong><\/p>\n\n\n\n<p>Langues : <strong>Fran\u00e7ais<\/strong>, Allemand, Anglais, Italien<\/p>\n<\/div>\n<\/div>\n<\/div>\n<\/div>\n\n\n\n<div class=\"wp-block-columns is-layout-flex wp-container-core-columns-layout-5 wp-block-columns-is-layout-flex\">\n<div class=\"wp-block-column is-layout-flow wp-block-column-is-layout-flow\">\n<hr class=\"wp-block-separator has-css-opacity\"\/>\n<\/div>\n<\/div>\n\n\n\n<div class=\"wp-block-columns is-layout-flex wp-container-core-columns-layout-6 wp-block-columns-is-layout-flex\">\n<div class=\"wp-block-column is-layout-flow wp-block-column-is-layout-flow\" style=\"flex-basis:33.33%\"><\/div>\n\n\n\n<div class=\"wp-block-column is-layout-flow wp-block-column-is-layout-flow\" style=\"flex-basis:66.66%\">\n<p><strong>Beusch Barbara<br><\/strong>reformierte Theologin<strong>, <\/strong>Sonnmatt 6, 6343 Rotkreuz<br>+41 (0)41 790 05 87, <a href=\"mailto:barbara.beusch@bluemail.ch\/\">barbara.beusch@bluemail.ch\/<\/a> <a href=\"http:\/\/crossroadsministries.ch\">http:\/\/crossroadsministries.ch<\/a><\/p>\n\n\n\n<p><strong>Th\u00e8me :<br>Niklaus von Fl\u00fce und Dorothee Wyss \u2013 <\/strong><em>Portrait eines ungew\u00f6hnlichen Ehepaares<\/em><br>Kurze Darstellung des Lebens von Niklaus und Dorothee, \u00dcberlegungen dazu, was er und sie uns heute zu sagen haben und wie heutiger Glaube von ihnen inspiriert werden kann.<\/p>\n\n\n\n<p>Langue : Allemand<\/p>\n<\/div>\n<\/div>\n\n\n\n<hr class=\"wp-block-separator has-css-opacity\"\/>\n\n\n\n<div class=\"wp-block-columns is-layout-flex wp-container-core-columns-layout-7 wp-block-columns-is-layout-flex\">\n<div class=\"wp-block-column is-layout-flow wp-block-column-is-layout-flow\" style=\"flex-basis:33.33%\">\n<figure class=\"wp-block-image size-large\"><img decoding=\"async\" width=\"838\" height=\"1077\" src=\"https:\/\/bruderklaus.com\/wp-content\/uploads\/2021\/03\/bossard-carl-3x41-1.jpg\" alt=\"\" class=\"wp-image-2688\"\/><\/figure>\n<\/div>\n\n\n\n<div class=\"wp-block-column is-layout-flow wp-block-column-is-layout-flow\" style=\"flex-basis:66.66%\">\n<p><strong>Dr. phil. Carl Bossard<br><\/strong>Bluemattstrasse 119, 6370 Stans<br>Historiker, Lehrerbildner, Kursreferent; langj\u00e4hriger Gymnasialrektor und Gr\u00fcndungsrektor PH Zug \/ +41 (0)79 887 62 26, <a href=\"mailto:mail@carlbossard.ch\">mail@carlbossard.ch<\/a>, <a href=\"http:\/\/www.carlbossard.ch\">www.carlbossard.ch<\/a><\/p>\n\n\n\n<p><strong>Th\u00e8mes :<br>Bruder Klaus \u2013 Spannungsfeld zwischen Mystik, Politik, Geld<\/strong><br>Die Schweiz hat ihm viel zu verdanken, diesem \u201eersten eidgen\u00f6ssischen Patrioten\u201c und seiner Botschaft an die Tagsatzung 1481 von Stans \u2013 und an uns Heutigen. Worin aber liegt die historische und staatspolitische Wirkkraft des Eremiten aus dem Ranft?<\/p>\n\n\n\n<p><strong>Niklaus von Fl\u00fce und die alte Eidgenossenschaft \u2013 Der Mystiker als Antiheld in heroischer Zeit<\/strong><br>Wer Bruder Klaus\u2018 Geschichte versteht, findet vielleicht auch Zugang zum staunenswerten politischen Gebilde, das sich Eidgenossenschaft nennt: ein Maximum an Komplexit\u00e4t auf einem Minimum an Raum. Worin aber besteht das friedensstiftende und integrierende Wirken von Niklaus von Fl\u00fce?<\/p>\n\n\n\n<p><strong>Obwalden und Nidwalden \u2013 die verfreundeten Nachbarn. Von einem delikaten Zwillingsverh\u00e4ltnis<\/strong><br>Niemand weiss genau, wann es geschah: Seit dem Eintritt in die Geschichte besteht Unterwalden aus zwei H\u00e4lften und bildet doch ein Ganzes. Ein Kuriosum. Eine Skizze zum subtilen Doppelwesen dieses kleinen Kantons \u2013 ausgehend von einem Heiligen (Bruder Klaus) und einem Helden (Winkelried).<\/p>\n\n\n\n<p><strong>Bruder Klaus \u2013 von einem R\u00e4tsel wachgehalten werden<\/strong><br>Letztlich bleibt uns die mystische Gestalt des Niklaus von Fl\u00fce r\u00e4tselhaft. Vieles k\u00f6nnen wir aus den Akten rekonstruieren, manches wird gedeutet, einiges bleibt Spekulation. Doch eines ist ganz sicher: Die Botschaft aus dem Ranft ist von zeitloser Aktualit\u00e4t.<\/p>\n\n\n\n<p><strong>Bruder Klaus\u2019 Botschaft und die Frage \u2013&nbsp;Was h\u00e4lt uns zusammen?<\/strong><em><br><\/em>Was bringt uns gemeinsam weiter? Eine ewig g\u00fcltige Frage. Eine schwierige zugleich \u2013 und eine ohne Verfallsdatum. Sie stellt sich uns; sie stellte sich auch der Eidgenossenschaft \u2013 damals vor \u00fcber 500 Jahren. Bruder Klaus\u2019 Rat wirkte. Das ber\u00fchmte Stanser Verkommnis von 1481 \u2013 ein Vertrag auf einer einzigen Seite \u2013 hat die Schweiz \u00fcber 300 Jahr zusammengehalten. Was aber war das Geheimnis dieser Botschaft? Und was hat sie uns Heutigen noch zu sagen?<\/p>\n\n\n\n<p>Dar\u00fcber denken wir nach, wenn wir gemeinsam in die Tiefe des Ranft hinuntersteigen und miteinander hinaufschauen. Ein historisch-meditativer Spaziergang auf Bruder Klaus\u2019 Spuren.<\/p>\n\n\n\n<p>Langue : Allemand<\/p>\n<\/div>\n<\/div>\n\n\n\n<div class=\"wp-block-columns is-layout-flex wp-container-core-columns-layout-8 wp-block-columns-is-layout-flex\">\n<div class=\"wp-block-column is-layout-flow wp-block-column-is-layout-flow\">\n<hr class=\"wp-block-separator has-css-opacity\"\/>\n<\/div>\n<\/div>\n\n\n\n<div class=\"wp-block-columns is-layout-flex wp-container-core-columns-layout-9 wp-block-columns-is-layout-flex\">\n<div class=\"wp-block-column is-layout-flow wp-block-column-is-layout-flow\" style=\"flex-basis:33.33%\">\n<figure class=\"wp-block-image size-large\"><img decoding=\"async\" width=\"2000\" height=\"2042\" src=\"https:\/\/bruderklaus.com\/wp-content\/uploads\/2021\/03\/buehler_pierre_geschnitten1.jpg\" alt=\"\" class=\"wp-image-2704\"\/><\/figure>\n<\/div>\n\n\n\n<div class=\"wp-block-column is-layout-flow wp-block-column-is-layout-flow\" style=\"flex-basis:66.66%\">\n<p><strong>Prof. Dr. em. Pierre B\u00fchler<br><\/strong>Petit-Cat\u00e9chisme 5, 2000 Neuch\u00e2tel<br>Prof. em. de th\u00e9ologie syst\u00e9matique<br>+41 (0)32 724 46 06, <a href=\"mailto:pierre.buehler@theol.uzh.ch\">pierre.buehler@theol.uzh.ch<\/a><\/p>\n\n\n\n<p><strong>Th\u00e8me : \u00abNicolas de Flue\u00bb<\/strong><\/p>\n\n\n\n<p>Langues :<strong> Fran\u00e7ais, <\/strong>Allemand<\/p>\n<\/div>\n<\/div>\n\n\n\n<div class=\"wp-block-columns is-layout-flex wp-container-core-columns-layout-10 wp-block-columns-is-layout-flex\">\n<div class=\"wp-block-column is-layout-flow wp-block-column-is-layout-flow\">\n<hr class=\"wp-block-separator has-css-opacity\"\/>\n<\/div>\n<\/div>\n\n\n\n<div class=\"wp-block-columns is-layout-flex wp-container-core-columns-layout-11 wp-block-columns-is-layout-flex\">\n<div class=\"wp-block-column is-layout-flow wp-block-column-is-layout-flow\" style=\"flex-basis:33.33%\">\n<figure class=\"wp-block-image size-full\"><a href=\"https:\/\/bruderklaus.com\/wp-content\/uploads\/2022\/07\/Portait_Urban-Fink_2019.jpg\"><img decoding=\"async\" width=\"645\" height=\"820\" src=\"https:\/\/bruderklaus.com\/wp-content\/uploads\/2022\/07\/Portait_Urban-Fink_2019.jpg\" alt=\"\" class=\"wp-image-16427\" srcset=\"https:\/\/bruderklaus.com\/wp-content\/uploads\/2022\/07\/Portait_Urban-Fink_2019.jpg 645w, https:\/\/bruderklaus.com\/wp-content\/uploads\/2022\/07\/Portait_Urban-Fink_2019-236x300.jpg 236w, https:\/\/bruderklaus.com\/wp-content\/uploads\/2022\/07\/Portait_Urban-Fink_2019-600x763.jpg 600w\" sizes=\"(max-width: 645px) 100vw, 645px\" \/><\/a><\/figure>\n<\/div>\n\n\n\n<div class=\"wp-block-column is-layout-flow wp-block-column-is-layout-flow\" style=\"flex-basis:66.66%\">\n<p><strong>Dr. theol. et lic. phil. Urban Fink-Wagn<\/strong>er<br>Allmendstrasse 31, 4515 Oberdorf (SO)<br>Historiker und Theologe, Gesch\u00e4ftsf\u00fchrer Inl\u00e4ndische Mission<br>+41 (0)76&nbsp;336 64 01, <a href=\"mailto:urban.fink@bluewin.ch\">urban.fink@bluewin.ch<\/a><\/p>\n\n\n\n<p><strong>Th\u00e8mes :<br>1. Der lange Weg zur Selig- und Heiligsprechung<br>2. Bruder Klaus in der Schweizer Geschichte<\/strong><br><strong>3. Das Leben von Niklaus von Fl\u00fce in der Umbruchszeit des 15. Jahrhunderts<\/strong><\/p>\n\n\n\n<p>Langue : Allemand<\/p>\n<\/div>\n<\/div>\n\n\n\n<div class=\"wp-block-columns is-layout-flex wp-container-core-columns-layout-13 wp-block-columns-is-layout-flex\">\n<div class=\"wp-block-column is-layout-flow wp-block-column-is-layout-flow\">\n<hr class=\"wp-block-separator has-css-opacity\"\/>\n\n\n\n<div class=\"wp-block-columns is-layout-flex wp-container-core-columns-layout-12 wp-block-columns-is-layout-flex\">\n<div class=\"wp-block-column is-layout-flow wp-block-column-is-layout-flow\" style=\"flex-basis:33.33%\">\n<figure class=\"wp-block-image size-full\"><a href=\"https:\/\/bruderklaus.com\/wp-content\/uploads\/2021\/03\/Bruder-Klaus-Logo-Rad-5.jpg\"><img decoding=\"async\" width=\"545\" height=\"538\" src=\"https:\/\/bruderklaus.com\/wp-content\/uploads\/2021\/03\/Bruder-Klaus-Logo-Rad-5.jpg\" alt=\"\" class=\"wp-image-2665\"\/><\/a><\/figure>\n<\/div>\n\n\n\n<div class=\"wp-block-column is-layout-flow wp-block-column-is-layout-flow\" style=\"flex-basis:66.66%\">\n<p><strong>Urs-Beat Frei, M.A<\/strong>., Habsburgerstr. 3a, 6003 Luzern<br>Spezialist f\u00fcr christliche Sakralkultur<br>1992 \u2013 2004 Leiter Museum Bruder Klaus Sachseln<br>+41 (0)41 210 72 68, <a href=\"mailto:urs-b.frei@bluewin.ch\">urs\u2011b.frei@bluewin.ch<\/a><\/p>\n\n\n\n<p><strong>Th\u00e8mes :<br>1. Das Bild von Bruder Klaus im Lauf der Jahrhunderte bis heute<br><\/strong><em>Exemplarische Bildzeugnisse und Reflexionen \u00fcber Sichtweisen, die sie zum Ausdruck bringen<\/em><strong><br>2. Bruder Klaus und der Rosenkranz<\/strong> <em><strong>\u2013<\/strong> Perspektiven auf das Attribut des Heiligen<\/em><\/p>\n\n\n\n<p>Langue : Allemand<\/p>\n<\/div>\n<\/div>\n<\/div>\n<\/div>\n\n\n\n<div class=\"wp-block-columns is-layout-flex wp-container-core-columns-layout-14 wp-block-columns-is-layout-flex\">\n<div class=\"wp-block-column is-layout-flow wp-block-column-is-layout-flow\">\n<hr class=\"wp-block-separator has-css-opacity\"\/>\n<\/div>\n<\/div>\n\n\n\n<div class=\"wp-block-columns is-layout-flex wp-container-core-columns-layout-15 wp-block-columns-is-layout-flex\">\n<div class=\"wp-block-column is-layout-flow wp-block-column-is-layout-flow\" style=\"flex-basis:33.33%\">\n<figure class=\"wp-block-image size-large\"><img decoding=\"async\" width=\"1920\" height=\"2560\" src=\"https:\/\/bruderklaus.com\/wp-content\/uploads\/2021\/03\/gloor_fritz-201703151.jpg\" alt=\"\" class=\"wp-image-2707\"\/><\/figure>\n<\/div>\n\n\n\n<div class=\"wp-block-column is-layout-flow wp-block-column-is-layout-flow\" style=\"flex-basis:66.66%\">\n<p><strong>Fritz Gloor<br><\/strong>ref. Pfarrer i.R., Feld 4, Postfach 60, 6362 Stansstad<br>Fachgebiet: Niklaus von Fl\u00fce in der reformierten Wahrnehmung der letzten 500 Jahre<br>+41 (0)41 610 50 53, <a href=\"mailto:kpb.gloor@bluewin.ch\">kpb.gloor@bluewin.ch<\/a><\/p>\n\n\n\n<p><strong>Thema: Wie reformiert war Bruder Klaus?<br><\/strong>Niklaus von Fl\u00fce und die Reformation. F\u00fcr Huldrych Zwingli und Heinrich Bullinger, aber auch f\u00fcr deutsche Lutheraner war Bruder Klaus ein authentischer Zeuge evangelischen Glaubens. Seine Doppelrolle als eidgen\u00f6ssischer Friedensstifter und als Symbolfigur der Glaubensspaltung. Warum wurde er ein katholischer Heiliger? Was bedeutet seine Gestalt f\u00fcr das \u00f6kumenische Gespr\u00e4ch heute?<\/p>\n\n\n\n<p>Langue: Allemand<\/p>\n<\/div>\n<\/div>\n\n\n\n<div class=\"wp-block-columns is-layout-flex wp-container-core-columns-layout-16 wp-block-columns-is-layout-flex\">\n<div class=\"wp-block-column is-layout-flow wp-block-column-is-layout-flow\">\n<hr class=\"wp-block-separator has-css-opacity\"\/>\n<\/div>\n<\/div>\n\n\n\n<div class=\"wp-block-columns is-layout-flex wp-container-core-columns-layout-17 wp-block-columns-is-layout-flex\">\n<div class=\"wp-block-column is-layout-flow wp-block-column-is-layout-flow\" style=\"flex-basis:66.66%\"><\/div>\n<\/div>\n\n\n\n<div class=\"wp-block-columns is-layout-flex wp-container-core-columns-layout-18 wp-block-columns-is-layout-flex\">\n<div class=\"wp-block-column is-layout-flow wp-block-column-is-layout-flow\" style=\"flex-basis:33.33%\">\n<figure class=\"wp-block-image size-large\"><img decoding=\"async\" width=\"768\" height=\"1024\" src=\"https:\/\/bruderklaus.com\/wp-content\/uploads\/2022\/07\/20220426-Roland-1-768x1024.jpg\" alt=\"\" class=\"wp-image-16487\" srcset=\"https:\/\/bruderklaus.com\/wp-content\/uploads\/2022\/07\/20220426-Roland-1-768x1024.jpg 768w, https:\/\/bruderklaus.com\/wp-content\/uploads\/2022\/07\/20220426-Roland-1-225x300.jpg 225w, https:\/\/bruderklaus.com\/wp-content\/uploads\/2022\/07\/20220426-Roland-1-1152x1536.jpg 1152w, https:\/\/bruderklaus.com\/wp-content\/uploads\/2022\/07\/20220426-Roland-1-600x800.jpg 600w, https:\/\/bruderklaus.com\/wp-content\/uploads\/2022\/07\/20220426-Roland-1.jpg 1536w\" sizes=\"(max-width: 768px) 100vw, 768px\" \/><\/figure>\n<\/div>\n\n\n\n<div class=\"wp-block-column is-layout-flow wp-block-column-is-layout-flow\" style=\"flex-basis:66.66%\">\n<p><strong>Dr. Roland Gr\u00f6bli<br><\/strong>Weissdornstrasse 8<strong>, <\/strong>CH-8447 Dachsen<br>Fachgebiet: Roland Gr\u00f6bli war Pr\u00e4sident des Wissenschaftlichen Beirat zum Gedenkjahr \u00ab600 Jahre Niklaus von Fl\u00fce\u00bb und ist Autor der Standardbiografie \u00abDie Sehnsucht nach dem einig Wesen\u00bb.<br>+41 (0)79 617 92 62, <a href=\"mailto:roland.groebli@bluewin.ch\">roland.groebli@bluewin.ch<\/a><\/p>\n\n\n\n<p><strong>Th\u00e8mes :<br><\/strong><strong>1. Der dreifache Friede <\/strong><em>\u2013 Die Friedensmystik des Schweizer Landespatrons Niklaus von Fl\u00fce<br><\/em>Niklaus von Fl\u00fce und seine Frau Dorothee Wyss bewegen und ber\u00fchren bis heute Menschen im Innersten. Die Einf\u00fchrung in seine Friedensmystik legt Zeugnis ab f\u00fcr seine zeitlosen Wahrheiten und f\u00fcr eine spirituelle Grundhaltung, die heute genauso g\u00fcltig ist wie damals.<\/p>\n\n\n\n<p><strong>2. \u00abUnd Gott dankte dem Menschen\u00bb&nbsp;<\/strong><em>\u2013<\/em> <em>Die vision\u00e4ren Erfahrungen des Niklaus von Fl\u00fce<br><\/em>Die l\u00e4ngste Reise ist die Reise zu sich selbst. Dank der sehr guten Quellenlage k\u00f6nnen wir Niklaus von Fl\u00fce auf dem Weg zu sich und zu Gott in einzigartiger Weise begleiten.<\/p>\n\n\n\n<p><strong>3. \u00abDas doppelte Ja\u00bb&nbsp;<\/strong><em>\u2013<\/em> <em>Die Herausforderung Niklaus von Fl\u00fce und Dorothee Wyss<br><\/em>Niklaus von Fl\u00fce und seine Frau Dorothee Wyss geh\u00f6ren zu den spirituell bedeutendsten Menschen der Schweiz. Dieser Vortrag l\u00e4dt ein, sie n\u00e4her kennenzulernen und sich mit ihren zeitlosen Botschaften auseinanderzusetzen.<\/p>\n\n\n\n<p>Langues : Anglais, Espagnol, Allemand<\/p>\n<\/div>\n<\/div>\n\n\n\n<hr class=\"wp-block-separator has-css-opacity\"\/>\n\n\n\n<div class=\"wp-block-columns is-layout-flex wp-container-core-columns-layout-19 wp-block-columns-is-layout-flex\">\n<div class=\"wp-block-column is-layout-flow wp-block-column-is-layout-flow\" style=\"flex-basis:33.33%\">\n<figure class=\"wp-block-image size-large\"><a href=\"https:\/\/bruderklaus.com\/wp-content\/uploads\/2022\/07\/Hartmann_Stefan-1024x1024.jpg\"><img decoding=\"async\" width=\"1024\" height=\"1024\" src=\"https:\/\/bruderklaus.com\/wp-content\/uploads\/2022\/07\/Hartmann_Stefan-1024x1024.jpg\" alt=\"\" class=\"wp-image-16460\" srcset=\"https:\/\/bruderklaus.com\/wp-content\/uploads\/2022\/07\/Hartmann_Stefan-1024x1024.jpg 1024w, https:\/\/bruderklaus.com\/wp-content\/uploads\/2022\/07\/Hartmann_Stefan-300x300.jpg 300w, https:\/\/bruderklaus.com\/wp-content\/uploads\/2022\/07\/Hartmann_Stefan-150x150.jpg 150w, https:\/\/bruderklaus.com\/wp-content\/uploads\/2022\/07\/Hartmann_Stefan-768x768.jpg 768w, https:\/\/bruderklaus.com\/wp-content\/uploads\/2022\/07\/Hartmann_Stefan-712x712.jpg 712w, https:\/\/bruderklaus.com\/wp-content\/uploads\/2022\/07\/Hartmann_Stefan-600x600.jpg 600w, https:\/\/bruderklaus.com\/wp-content\/uploads\/2022\/07\/Hartmann_Stefan-100x100.jpg 100w, https:\/\/bruderklaus.com\/wp-content\/uploads\/2022\/07\/Hartmann_Stefan.jpg 1357w\" sizes=\"(max-width: 1024px) 100vw, 1024px\" \/><\/a><\/figure>\n<\/div>\n\n\n\n<div class=\"wp-block-column is-layout-flow wp-block-column-is-layout-flow\" style=\"flex-basis:66.66%\">\n<p><strong>Dr. theol., lic. theol. Stefan Hartmann<br><\/strong>W\u00fcrzburger Strasse 19, 96049 Bamberg, Deutschland<br>Freiberuflich als Schriftsteller und Redner t\u00e4tig<br>Fachgebiet: Systematische Theologie, christliche Spiritualit\u00e4t, Hans Urs von Balthasar\/Karl Rahner<br>+49 951 1856 7821, mob. 0170 707 1251<br><a href=\"mailto:stefan.hartmann54@gmail.com\">stefan.hartmann54@gmail.com<\/a>, <a href=\"http:\/\/www.stefanhartmann.npage.de\">www.stefanhartmann.npage.de<\/a><\/p>\n\n\n\n<p><strong>Th\u00e8mes :<br>1. Erstinformation \u00fcber Bruder Klaus<br>2. Zur Mystik des Bruder Klaus<br>3. Bruder Klaus und Martin Luther <\/strong><em>(2017 Jubil\u00e4umsjahr)<\/em><br><strong>4. Das Stanser Verkommnis 1481<\/strong><\/p>\n\n\n\n<p>Langues : Allemand, Anglais<\/p>\n<\/div>\n<\/div>\n\n\n\n<hr class=\"wp-block-separator has-css-opacity\"\/>\n\n\n\n<div class=\"wp-block-columns is-layout-flex wp-container-core-columns-layout-20 wp-block-columns-is-layout-flex\">\n<div class=\"wp-block-column is-layout-flow wp-block-column-is-layout-flow\" style=\"flex-basis:33.33%\">\n<figure class=\"wp-block-image size-full\"><a href=\"https:\/\/bruderklaus.com\/wp-content\/uploads\/2021\/03\/Bruder-Klaus-Logo-Rad-5.jpg\"><img decoding=\"async\" width=\"545\" height=\"538\" src=\"https:\/\/bruderklaus.com\/wp-content\/uploads\/2021\/03\/Bruder-Klaus-Logo-Rad-5.jpg\" alt=\"\" class=\"wp-image-2665\"\/><\/a><\/figure>\n<\/div>\n\n\n\n<div class=\"wp-block-column is-layout-flow wp-block-column-is-layout-flow\" style=\"flex-basis:66.66%\">\n<p><strong>Prof. Dr. Cornelia Herberichs<br><\/strong>Ordentliche Professorin f\u00fcr Germanistische Medi\u00e4vistik<br>Universit\u00e4t Freiburg \/ Universit\u00e9 de Fribourg, Dept. f\u00fcr Germanistik, Germanistische Medi\u00e4vistik,<br>MIS 05, B\u00fcro 5239, Avenue de l\u2019Europe 20, CH\u20131700 Fribourg<br>+41 (0)26 300 7882, <a href=\"mailto:cornelia.herberichs@unifr.ch\">cornelia.herberichs@unifr.ch<\/a><\/p>\n\n\n\n<p><strong>Th\u00e8me :<br>Bruder Klaus \u2013 <\/strong><em>im Kontext der Mystik und Fr\u00f6mmigkeitsgeschichte<\/em><\/p>\n\n\n\n<p>Langues : <strong>Fran\u00e7ais<\/strong>, Allemand<\/p>\n<\/div>\n<\/div>\n\n\n\n<hr class=\"wp-block-separator has-css-opacity\"\/>\n\n\n\n<div class=\"wp-block-columns is-layout-flex wp-container-core-columns-layout-21 wp-block-columns-is-layout-flex\">\n<div class=\"wp-block-column is-layout-flow wp-block-column-is-layout-flow\" style=\"flex-basis:33.33%\">\n<figure class=\"wp-block-image size-large\"><img decoding=\"async\" width=\"1024\" height=\"683\" src=\"https:\/\/bruderklaus.com\/wp-content\/uploads\/2022\/07\/Patrik-HOering-2-21220_JRolfes-1-1024x683.jpg\" alt=\"\" class=\"wp-image-16473\" srcset=\"https:\/\/bruderklaus.com\/wp-content\/uploads\/2022\/07\/Patrik-HOering-2-21220_JRolfes-1-1024x683.jpg 1024w, https:\/\/bruderklaus.com\/wp-content\/uploads\/2022\/07\/Patrik-HOering-2-21220_JRolfes-1-300x200.jpg 300w, https:\/\/bruderklaus.com\/wp-content\/uploads\/2022\/07\/Patrik-HOering-2-21220_JRolfes-1-768x512.jpg 768w, https:\/\/bruderklaus.com\/wp-content\/uploads\/2022\/07\/Patrik-HOering-2-21220_JRolfes-1-1536x1024.jpg 1536w, https:\/\/bruderklaus.com\/wp-content\/uploads\/2022\/07\/Patrik-HOering-2-21220_JRolfes-1-600x400.jpg 600w, https:\/\/bruderklaus.com\/wp-content\/uploads\/2022\/07\/Patrik-HOering-2-21220_JRolfes-1.jpg 2048w\" sizes=\"(max-width: 1024px) 100vw, 1024px\" \/><\/figure>\n<\/div>\n\n\n\n<div class=\"wp-block-column is-layout-flow wp-block-column-is-layout-flow\" style=\"flex-basis:66.66%\">\n<p><strong>Prof. Dr.&nbsp;Patrik C. H\u00f6ring<br><\/strong>Max-Liebermann-Strasse 5, D\u201151375 Leverkusen<br>Professor an der Philosophisch-Theologischen Hochschule SVD St. Augustin<br>+49 (0)1520 1642 143, <a href=\"mailto:p.hoering@pth-augustin.eu\">p. hoering@pth-augustin.eu<\/a>;&nbsp;<a href=\"http:\/\/www.pth-augustin.eu\/\">www.pth-augustin.eu<\/a><\/p>\n\n\n\n<p><strong>Th\u00e8me :<br>Geistliche Erschliessung der Visionen des Bruder Klaus<br><\/strong>f\u00fcr Vortragsabende, Einkehrtage, Exerzitien, Gottesdienste<\/p>\n\n\n\n<p>Langues : Anglais, Allemand<\/p>\n<\/div>\n<\/div>\n\n\n\n<hr class=\"wp-block-separator has-css-opacity\"\/>\n\n\n\n<div class=\"wp-block-columns is-layout-flex wp-container-core-columns-layout-22 wp-block-columns-is-layout-flex\">\n<div class=\"wp-block-column is-layout-flow wp-block-column-is-layout-flow\" style=\"flex-basis:33.33%\">\n<figure class=\"wp-block-image size-full\"><a href=\"https:\/\/bruderklaus.com\/wp-content\/uploads\/2022\/07\/Keller_Hildegard_-Copxright-Ayse-Yavas-342_W_4943bearbeitet.jpg\"><img decoding=\"async\" width=\"342\" height=\"513\" src=\"https:\/\/bruderklaus.com\/wp-content\/uploads\/2022\/07\/Keller_Hildegard_-Copxright-Ayse-Yavas-342_W_4943bearbeitet.jpg\" alt=\"\" class=\"wp-image-16463\" srcset=\"https:\/\/bruderklaus.com\/wp-content\/uploads\/2022\/07\/Keller_Hildegard_-Copxright-Ayse-Yavas-342_W_4943bearbeitet.jpg 342w, https:\/\/bruderklaus.com\/wp-content\/uploads\/2022\/07\/Keller_Hildegard_-Copxright-Ayse-Yavas-342_W_4943bearbeitet-200x300.jpg 200w\" sizes=\"(max-width: 342px) 100vw, 342px\" \/><\/a><\/figure>\n<\/div>\n\n\n\n<div class=\"wp-block-column is-layout-flow wp-block-column-is-layout-flow\" style=\"flex-basis:66.66%\">\n<p><strong>Prof. Dr. Hildegard Elisabeth Keller<br><\/strong>Zollikerstrasse 265, 8008 Z\u00fcrich<br>Schriftstellerin, Literaturwissenschaftlerin und -kritikerin, Professorin f\u00fcr mittelalterliche Literatur, Filmemacherin<br>+41 (0)44 382 21 53, +41 (0)77 529 53 23, <a href=\"mailto:info@hildegardkeller.ch\">info@hildegardkeller.ch<\/a>, <a href=\"http:\/\/www.hildegardkeller.ch\">www.hildegardkeller.ch<\/a><\/p>\n\n\n\n<p><strong>Th\u00e8mes :<\/strong><br><strong>1. Niklaus von Fl\u00fce und Hildegard von Bingen.<\/strong><br>Erz\u00e4hlperformance mit Bildern und Musik<br><strong>2. Niklaus von Fl\u00fce und Hanna Arendt.<\/strong><br>Erz\u00e4hlperformance mit Bildern und Musik<\/p>\n\n\n\n<p>Langue : Allemand<\/p>\n\n\n\n<p><em>Bild: Copyright Ayse Yavas<\/em><\/p>\n<\/div>\n<\/div>\n\n\n\n<hr class=\"wp-block-separator has-css-opacity\"\/>\n\n\n\n<div class=\"wp-block-columns is-layout-flex wp-container-core-columns-layout-23 wp-block-columns-is-layout-flex\">\n<div class=\"wp-block-column is-layout-flow wp-block-column-is-layout-flow\" style=\"flex-basis:33.33%\">\n<figure class=\"wp-block-image size-large\"><img decoding=\"async\" width=\"1385\" height=\"1864\" src=\"https:\/\/bruderklaus.com\/wp-content\/uploads\/2021\/03\/br.-niklaus-kuster1.jpg\" alt=\"\" class=\"wp-image-2701\"\/><\/figure>\n<\/div>\n\n\n\n<div class=\"wp-block-column is-layout-flow wp-block-column-is-layout-flow\" style=\"flex-basis:66.66%\">\n<p><strong>Br. Dr. Niklaus Kuster<br><\/strong>Kapuzinerkloster, Endingerstrasse 9, 8640 Rapperswil<br>Dozent f\u00fcr Kirchen- und Spiritualit\u00e4tsgeschichte in Luzern, M\u00fcnster und Madrid<br>+41 (0)55 220 53 06, +41 (0)55 220 53 10, <a href=\"mailto:niklaus.kuster@kapuziner.org,\">niklaus.kuster@kapuziner.org,<\/a> <a href=\"https:\/\/www.klosterrapperswil.ch\/\">klosterrapperswil.ch<\/a>, <a href=\"https:\/\/www.kapuziner.ch\/\">kapuziner.ch<\/a>, <a href=\"https:\/\/www.tauteam.ch\/\">tauteam.ch<\/a>, <a href=\"https:\/\/www.facebook.com\/niklaus.kuster\">Facebook<\/a><\/p>\n\n\n\n<p><a href=\"Themen:Co-Autor folgender Publikationen:Fernnahe Liebe \u2013 Niklaus und Dorothea von Fl\u00fce, Gedenkjahr 2017Niklaus und Dorothee, so fern \u2013 so nah, 2018Nicolas et Doroth\u00e9e, si loin \u2013 si pr\u00e8s, 2018\"><strong>Th\u00e8mes :<\/strong><\/a><br><strong>Co-auteur des publications suivantes :<\/strong><br><strong>Nicolas et Doroth\u00e9e, si loin \u2013 si pr\u00e8s<\/strong>, 2018<strong><a href=\"Themen:Co-Autor folgender Publikationen:Fernnahe Liebe \u2013 Niklaus und Dorothea von Fl\u00fce, Gedenkjahr 2017Niklaus und Dorothee, so fern \u2013 so nah, 2018Nicolas et Doroth\u00e9e, si loin \u2013 si pr\u00e8s, 2018\"><\/a><\/strong><br><strong>Fernnahe Liebe \u2013 Niklaus und Dorothea von Fl\u00fce<\/strong>, Gedenkjahr 2017<br><strong>Niklaus und Dorothee, so fern \u2013 so nah<\/strong>, 2018<br><strong><a href=\"Themen:Co-Autor folgender Publikationen:Fernnahe Liebe \u2013 Niklaus und Dorothea von Fl\u00fce, Gedenkjahr 2017Niklaus und Dorothee, so fern \u2013 so nah, 2018Nicolas et Doroth\u00e9e, si loin \u2013 si pr\u00e8s, 2018\"><br><\/a><\/strong>Langues : <strong>Fran\u00e7ais, <\/strong>Espagnol, Allemand, Italien <\/p>\n<\/div>\n<\/div>\n\n\n\n<hr class=\"wp-block-separator has-css-opacity\"\/>\n\n\n\n<div class=\"wp-block-columns is-layout-flex wp-container-core-columns-layout-24 wp-block-columns-is-layout-flex\">\n<div class=\"wp-block-column is-layout-flow wp-block-column-is-layout-flow\"><\/div>\n<\/div>\n\n\n\n<hr class=\"wp-block-separator has-css-opacity\"\/>\n\n\n\n<div class=\"wp-block-columns is-layout-flex wp-container-core-columns-layout-25 wp-block-columns-is-layout-flex\">\n<div class=\"wp-block-column is-layout-flow wp-block-column-is-layout-flow\"><\/div>\n<\/div>\n\n\n\n<hr class=\"wp-block-separator has-css-opacity\"\/>\n\n\n\n<div class=\"wp-block-columns is-layout-flex wp-container-core-columns-layout-26 wp-block-columns-is-layout-flex\">\n<div class=\"wp-block-column is-layout-flow wp-block-column-is-layout-flow\" style=\"flex-basis:33.33%\"><\/div>\n\n\n\n<div class=\"wp-block-column is-layout-flow wp-block-column-is-layout-flow\" style=\"flex-basis:66.66%\">\n<p><\/p>\n<\/div>\n<\/div>\n\n\n\n<hr class=\"wp-block-separator has-css-opacity\"\/>\n\n\n\n<div class=\"wp-block-columns is-layout-flex wp-container-core-columns-layout-27 wp-block-columns-is-layout-flex\">\n<div class=\"wp-block-column is-layout-flow wp-block-column-is-layout-flow\" style=\"flex-basis:33.33%\">\n<figure class=\"wp-block-image size-large\"><img decoding=\"async\" width=\"1063\" height=\"1535\" src=\"https:\/\/bruderklaus.com\/wp-content\/uploads\/2021\/03\/ries_markus21.jpg\" alt=\"\" class=\"wp-image-2710\"\/><\/figure>\n<\/div>\n\n\n\n<div class=\"wp-block-column is-layout-flow wp-block-column-is-layout-flow\" style=\"flex-basis:66.66%\">\n<p><strong>Prof. Dr. Markus Ries<br><\/strong>Universit\u00e4t Luzern, Frohburgstrasse 3, Postfach 4466, 6002 Luzern<br>Professor f\u00fcr Kirchengeschichte an der Theologischen Fakult\u00e4t Luzern<br>+41 (0)41 229 52 67<br><a href=\"mailto:markus.ries@unilu.ch\">markus.ries@unilu.ch<\/a>, <a href=\"http:\/\/www.unilu.ch\/fakultaeten\/tf\/professuren\/kirchengeschichte\/\">www.unilu.ch\/fakultaeten\/tf\/professuren\/kirchengeschichte\/<\/a><\/p>\n\n\n\n<p><strong>Th\u00e8mes :<br><strong>1. Bruder Klaus von Fl\u00fce \u2013 <\/strong><\/strong><em>sp\u00e4tmittelalterliche und moderne Formen christlicher Religiosit\u00e4t<\/em><strong><br><strong>2.<\/strong> <strong>Carlo Borromeo und Niklaus von Fl\u00fce<\/strong><\/strong><\/p>\n\n\n\n<p>Langues : Anglais, Allemand<\/p>\n<\/div>\n<\/div>\n\n\n\n<hr class=\"wp-block-separator has-css-opacity\"\/>\n\n\n\n<div class=\"wp-block-columns is-layout-flex wp-container-core-columns-layout-28 wp-block-columns-is-layout-flex\">\n<div class=\"wp-block-column is-layout-flow wp-block-column-is-layout-flow\" style=\"flex-basis:33.33%\">\n<figure class=\"wp-block-image size-full\"><a href=\"https:\/\/bruderklaus.com\/wp-content\/uploads\/2021\/03\/Bruder-Klaus-Logo-Rad-5.jpg\"><img decoding=\"async\" width=\"545\" height=\"538\" src=\"https:\/\/bruderklaus.com\/wp-content\/uploads\/2021\/03\/Bruder-Klaus-Logo-Rad-5.jpg\" alt=\"\" class=\"wp-image-2665\"\/><\/a><\/figure>\n<\/div>\n\n\n\n<div class=\"wp-block-column is-layout-flow wp-block-column-is-layout-flow\" style=\"flex-basis:66.66%\">\n<p><strong>Dr. th\u00e9ol. Jacques Rime<br><\/strong>Place de l\u2019Eglise 2, 1772 Grolley<br>Pr\u00eatre du dioc\u00e8se de Lausanne, Gen\u00e8ve et Fribourg; cur\u00e9 de Grolley et Courtion (Fribourg)<br>+41 (0)26 475 12 34,&nbsp; <a href=\"mailto:jacques.rime@bluemail.ch\">jacques.rime@bluemail.ch<\/a><\/p>\n\n\n\n<p><strong>Th\u00e8me :<br><\/strong><strong>Pr\u00e9sentation de la vie et du pays de Nicolas de Fl\u00fce<\/strong><\/p>\n\n\n\n<p>Langue :<strong> Fran\u00e7ais<\/strong><\/p>\n<\/div>\n<\/div>\n\n\n\n<hr class=\"wp-block-separator has-css-opacity\"\/>\n\n\n\n<div class=\"wp-block-columns is-layout-flex wp-container-core-columns-layout-29 wp-block-columns-is-layout-flex\">\n<div class=\"wp-block-column is-layout-flow wp-block-column-is-layout-flow\" style=\"flex-basis:33.33%\">\n<figure class=\"wp-block-image size-large\"><img decoding=\"async\" width=\"1920\" height=\"2560\" src=\"https:\/\/bruderklaus.com\/wp-content\/uploads\/2021\/03\/rinnerthaler_walter-dsc_40511.jpg\" alt=\"\" class=\"wp-image-2724\"\/><\/figure>\n<\/div>\n\n\n\n<div class=\"wp-block-column is-layout-flow wp-block-column-is-layout-flow\" style=\"flex-basis:66.66%\">\n<p><strong>Mag. Walter Rinnerthaler<br><\/strong>Almerau 8, AT-5761 Maria Alm\/b. Salzburg<br>Theologe, Religionslehrer, VIA Cordis Meditationslehrer, +43 (0)6584\/7589, <a href=\"mailto:rinn@gmx.net\">rinn@gmx.net<\/a><\/p>\n\n\n\n<p><strong>1. Ein politischer Mystiker<\/strong><em> \u2013 Niklaus von Fl\u00fce<\/em><br>Anhand von Bildern wird der Lebensweg von Niklaus von Fl\u00fce aufgezeigt und Verbindungen zu unserer Zeit und zu unserem Leben aufgezeigt.<br><strong>2. Fragen an Dorothee \u2013 <\/strong><em>die Frau des Niklaus von Fl\u00fce<\/em><br>Das H\u00f6rspiel von Klara Oberm\u00fcller wird mit entsprechenden Bildern unterlegt. Besonders geeignet f\u00fcr Frauentreffs.<br><strong>3. Worauf es ankommt \u2026<br><\/strong>Das Meditationsbild des Bruder Klaus passt gut zum Thema Barmherzigkeit<br><strong>4. Wege zur inneren Quelle \u2013 <\/strong><em>Die Visionen des Mystikers Niklaus von Fl\u00fce<\/em><br><strong>5. Bruder Klaus und Franz J\u00e4gerst\u00e4tter \u2013 <\/strong>aus dem gleichen Holz geschnitzt<br>mit Einschluss von Dorothee Wyss und Franziska J\u00e4gerst\u00e4tter<\/p>\n\n\n\n<p>Langue : Allemand<\/p>\n<\/div>\n<\/div>\n\n\n\n<hr class=\"wp-block-separator has-css-opacity\"\/>\n\n\n\n<div class=\"wp-block-columns is-layout-flex wp-container-core-columns-layout-30 wp-block-columns-is-layout-flex\">\n<div class=\"wp-block-column is-layout-flow wp-block-column-is-layout-flow\" style=\"flex-basis:33.33%\">\n<figure class=\"wp-block-image size-full\"><a href=\"https:\/\/bruderklaus.com\/wp-content\/uploads\/2021\/03\/Bruder-Klaus-Logo-Rad-5.jpg\"><img decoding=\"async\" width=\"545\" height=\"538\" src=\"https:\/\/bruderklaus.com\/wp-content\/uploads\/2021\/03\/Bruder-Klaus-Logo-Rad-5.jpg\" alt=\"\" class=\"wp-image-2665\"\/><\/a><\/figure>\n<\/div>\n\n\n\n<div class=\"wp-block-column is-layout-flow wp-block-column-is-layout-flow\" style=\"flex-basis:66.66%\">\n<p><strong>Dr. theol. Paul Bernhard Rothen<\/strong>, Pfarrer<br>Lindenstrasse 9, 8307 Effretikon<br>Gr\u00fcndungsmitglied und Stiftungsrat der \u00f6kumenischen Stiftung Bruder Klaus, Zweisimmen.<br>+41 (0)71 367 12 26, <a href=\"mailto:pbrothen@stiftungbruderklaus.ch\">pbrothen@stiftungbruderklaus.ch<\/a><\/p>\n\n\n\n<p><strong>Th\u00e8mes :<br>1. 345 Worte \u2013 <\/strong><em>aus Liebe zur Eidgenossenschaft geschrieben<\/em><br><em>Der Brief von Bruder Klaus an die Berner Ratsherren in seiner aktuellen Bedeutung.<br><\/em>Zu Bruder Klaus gibt es viele Zug\u00e4nge, und es gibt sehr unterschiedliche Versuche, ihn zu verstehen. Umso wichtiger ist es, dass wir ernst nehmen, was er selber in ganz knappe Worte gefasst hat. Der Brief, in dem er \u201cvon Liebe wegen\u201d an die Berner mehr als nur einen formalen Dank richtet, geh\u00f6rt zu den bedeutendsten Dokumenten der europ\u00e4ischen Geschichte. Der Vortrag arbeitet heraus, wie vielschichtig, pr\u00e4zis und aktuell der Zuspruch und die Mahnungen des Friedensstifters sind.<\/p>\n\n\n\n<p><strong>2. Mani Matter zu Bruder Klaus \u2013 <\/strong><em>die geistigen Grundlagen der Schweiz<\/em><br>Anhand von zwei, drei Lieder des Berner Chansonniers und Juristen der Frage nachgehen: Wie k\u00f6nnen wir das Christentum neu entdecken, so dass die Schweiz auf dieser Grundlage mehr als ein blosser Zweckverband ist? Diese Frage f\u00fchrt zur\u00fcck in die Zeit, als die Grundlagen f\u00fcr das schweizerische Gemeinwesen gelegt wurden, so dass dieses auch die konfessionelle Spaltung \u00fcberdauern und sich in moderner Zeit neu formieren konnte. Was Bruder Klaus dabei der Schweiz mitgegeben hat, erweist sich beim intensiveren Bedenken&nbsp;als sehr bescheiden, klar und tragf\u00e4hig, gerade in unserer Umbruchszeit.<\/p>\n\n\n\n<p>Langues : <strong>Fran\u00e7ais, <\/strong>Allemand<\/p>\n<\/div>\n<\/div>\n\n\n\n<hr class=\"wp-block-separator has-css-opacity\"\/>\n\n\n\n<div class=\"wp-block-columns is-layout-flex wp-container-core-columns-layout-31 wp-block-columns-is-layout-flex\">\n<div class=\"wp-block-column is-layout-flow wp-block-column-is-layout-flow\" style=\"flex-basis:33.33%\">\n<figure class=\"wp-block-image size-large\"><img decoding=\"async\" width=\"1915\" height=\"2560\" src=\"https:\/\/bruderklaus.com\/wp-content\/uploads\/2021\/03\/rusch_arnold_1605051.jpg\" alt=\"\" class=\"wp-image-2716\"\/><\/figure>\n<\/div>\n\n\n\n<div class=\"wp-block-column is-layout-flow wp-block-column-is-layout-flow\" style=\"flex-basis:66.66%\">\n<p><strong>Prof. Dr. Arnold F. Rusch LL.M.<br><\/strong>Rechtsanwalt, Stechleneggerstrasse 4, 9108 Gonten<br>Professor an der Universit\u00e4t Fribourg und Privatdozent an der Universit\u00e4t Z\u00fcrich<br>+41 (0)77 413 47 67, <a href=\"mailto:mail@arnoldrusch.ch\">mail@arnoldrusch.ch<\/a>, <a href=\"http:\/\/www.arnoldrusch.ch\">www.arnoldrusch.ch<\/a><\/p>\n\n\n\n<p><strong>Th\u00e8me :<br>\u00abRichter von Fl\u00fce sieht aus dem Munde ungerechter Richter Feuerflammen entspringen\u00bb <\/strong>\u2013<em> eine Betrachtung der Vision Niklaus von Fl\u00fces in Recht und Kunst<\/em><\/p>\n\n\n\n<p>Langues : <strong>Fran\u00e7ais<\/strong>, Allemand<\/p>\n<\/div>\n<\/div>\n\n\n\n<hr class=\"wp-block-separator has-css-opacity\"\/>\n\n\n\n<div class=\"wp-block-columns is-layout-flex wp-container-core-columns-layout-32 wp-block-columns-is-layout-flex\">\n<div class=\"wp-block-column is-layout-flow wp-block-column-is-layout-flow\" style=\"flex-basis:33.33%\"><\/div>\n\n\n\n<div class=\"wp-block-column is-layout-flow wp-block-column-is-layout-flow\" style=\"flex-basis:66.66%\"><\/div>\n<\/div>\n\n\n\n<hr class=\"wp-block-separator has-css-opacity\"\/>\n\n\n\n<div class=\"wp-block-columns is-layout-flex wp-container-core-columns-layout-33 wp-block-columns-is-layout-flex\">\n<div class=\"wp-block-column is-layout-flow wp-block-column-is-layout-flow\" style=\"flex-basis:33.33%\">\n<figure class=\"wp-block-image size-large\"><img decoding=\"async\" width=\"768\" height=\"1024\" src=\"https:\/\/bruderklaus.com\/wp-content\/uploads\/2022\/07\/Johannes-Foto-2-768x1024.jpg\" alt=\"\" class=\"wp-image-16457\" srcset=\"https:\/\/bruderklaus.com\/wp-content\/uploads\/2022\/07\/Johannes-Foto-2-768x1024.jpg 768w, https:\/\/bruderklaus.com\/wp-content\/uploads\/2022\/07\/Johannes-Foto-2-225x300.jpg 225w, https:\/\/bruderklaus.com\/wp-content\/uploads\/2022\/07\/Johannes-Foto-2-1152x1536.jpg 1152w, https:\/\/bruderklaus.com\/wp-content\/uploads\/2022\/07\/Johannes-Foto-2-600x800.jpg 600w, https:\/\/bruderklaus.com\/wp-content\/uploads\/2022\/07\/Johannes-Foto-2.jpg 1536w\" sizes=\"(max-width: 768px) 100vw, 768px\" \/><\/figure>\n<\/div>\n\n\n\n<div class=\"wp-block-column is-layout-flow wp-block-column-is-layout-flow\" style=\"flex-basis:66.66%\">\n<p><strong>Johannes Schleicher<br><\/strong>Dipl. Theologe, Schnieglinger Strasse 288, 90427 N\u00fcrnberg, Deutschland<br>Rentner, Kursleiter und Spiritueller Begleiter<br>+49 1525 98691 22, <a href=\"mailto:johannesschleicher@bluewin.ch\">johannesschleicher@bluewin.ch<\/a><\/p>\n\n\n\n<p><strong>Th\u00e8mes :<br><strong>1. Bruder Klaus <\/strong>\u2013 <em>der Heilige des Dialogs <\/em><\/strong><em>(zu 4 Fresken in der unteren Ranftkapelle)<\/em><strong><br><strong>2. Niklaus von Fl\u00fce und seine Friedensmystik<br>3. Die Frage nach dem Sinn des Lebens <\/strong>\u2013<em> <\/em><\/strong><em>Brunnenvision des Hl. Bruder Klaus<\/em><strong><br><strong>4. Niklaus von Fl\u00fce und die Gottesfreunde<\/strong><br><strong>5. Publikation \u00abEngel des Friedens auf Erden\u00bb<\/strong>, <\/strong>2016 und<strong> <strong>\u00abMitmensch Gott \u2013 Mystische Spiritualit\u00e4t f\u00fcr heute\u00bb<\/strong>, <\/strong>2022<\/p>\n\n\n\n<p>Langue : Allemand<\/p>\n<\/div>\n<\/div>\n","protected":false},"excerpt":{"rendered":"<p>Conf\u00e9renciers Nicolas de Flue et Doroth\u00e9e Wyss, avec leurs messages intemporels, int\u00e9ressent et mobilisent un large public. Des conf\u00e9renciers comp\u00e9tents se tiennent \u00e0 disposition pour des conf\u00e9rences, des entretiens, des tables rondes sur divers rh\u00e8mes. Bo\u00eete \u00e0 livres compos\u00e9e individuellement avec de la litt\u00e9rature\/des m\u00e9dias pour des s\u00e9minaires, des \u00e9v\u00e9nements d&#8217;entreprise, de paroisse ou d&#8217;association [&hellip;]<\/p>\n","protected":false},"author":3,"featured_media":1922,"parent":9761,"menu_order":25,"comment_status":"closed","ping_status":"closed","template":"","meta":{"_acf_changed":false,"footnotes":""},"acf":[],"_links":{"self":[{"href":"https:\/\/bruderklaus.com\/fr\/wp-json\/wp\/v2\/pages\/11129"}],"collection":[{"href":"https:\/\/bruderklaus.com\/fr\/wp-json\/wp\/v2\/pages"}],"about":[{"href":"https:\/\/bruderklaus.com\/fr\/wp-json\/wp\/v2\/types\/page"}],"author":[{"embeddable":true,"href":"https:\/\/bruderklaus.com\/fr\/wp-json\/wp\/v2\/users\/3"}],"replies":[{"embeddable":true,"href":"https:\/\/bruderklaus.com\/fr\/wp-json\/wp\/v2\/comments?post=11129"}],"version-history":[{"count":14,"href":"https:\/\/bruderklaus.com\/fr\/wp-json\/wp\/v2\/pages\/11129\/revisions"}],"predecessor-version":[{"id":16504,"href":"https:\/\/bruderklaus.com\/fr\/wp-json\/wp\/v2\/pages\/11129\/revisions\/16504"}],"up":[{"embeddable":true,"href":"https:\/\/bruderklaus.com\/fr\/wp-json\/wp\/v2\/pages\/9761"}],"wp:featuredmedia":[{"embeddable":true,"href":"https:\/\/bruderklaus.com\/fr\/wp-json\/wp\/v2\/media\/1922"}],"wp:attachment":[{"href":"https:\/\/bruderklaus.com\/fr\/wp-json\/wp\/v2\/media?parent=11129"}],"curies":[{"name":"wp","href":"https:\/\/api.w.org\/{rel}","templated":true}]}}