{"id":10820,"date":"2021-01-26T21:46:47","date_gmt":"2021-01-26T21:46:47","guid":{"rendered":"https:\/\/bruderklaus.com\/foerderverein-netzwerk\/netzwerk\/"},"modified":"2021-11-29T17:13:42","modified_gmt":"2021-11-29T16:13:42","slug":"netzwerk","status":"publish","type":"page","link":"https:\/\/bruderklaus.com\/fr\/foerderverein-netzwerk\/netzwerk\/","title":{"rendered":"R\u00e9seau"},"content":{"rendered":"\n<h2 class=\"wp-block-heading\">R\u00e9seau mondial <\/h2>\n\n\n\n<p><strong>Fr\u00e8re Nicolas est beaucoup trop grand pour \u00eatre juste Obwaldien.<\/strong><br><strong>Il est trop grand m\u00eame pour un conf\u00e9d\u00e9r\u00e9 Suisse. Il appartient au monde entier.<\/strong><em> Heinrich Federer, Schriftsteller (1866\u20131928)<\/em><\/p>\n\n\n\n<p>Le charisme de Nicolas de Fl\u00fce et de Doroth\u00e9e Wyss d\u00e9passent les fronti\u00e8res suisses. D\u2019Obwald au Br\u00e9sil, de l\u2019Allemagne \u00e0 l\u2019Inde du Sud, du Tessin aux Grisons et \u00e0 Fribourg, en passant par l\u2019Indon\u00e9sie, le Liban et le Kirghizistan, l\u2019\u00c9quateur et la Tha\u00eflande associent paroisses, \u00e9glises, chapelles, lieux de m\u00e9moire et institutions d\u2019art et de culture.<\/p>\n\n\n\n<div class=\"wp-block-columns is-layout-flex wp-container-core-columns-layout-1 wp-block-columns-is-layout-flex\">\n<div class=\"wp-block-column is-layout-flow wp-block-column-is-layout-flow\">\n<p><strong>Bien \u00e0 savoir sur le r\u00e9seau<\/strong><\/p>\n<\/div>\n<\/div>\n\n\n\n<div class=\"wp-block-columns is-layout-flex wp-container-core-columns-layout-2 wp-block-columns-is-layout-flex\">\n<div class=\"wp-block-column is-layout-flow wp-block-column-is-layout-flow\" style=\"flex-basis:33.33%\">\n<figure class=\"wp-block-image size-large\"><img decoding=\"async\" width=\"250\" height=\"265\" src=\"https:\/\/bruderklaus.com\/wp-content\/uploads\/2021\/03\/MEHR-RANFT-klein.jpg\" alt=\"\" class=\"wp-image-3699\"\/><\/figure>\n<\/div>\n\n\n\n<div class=\"wp-block-column is-layout-flow wp-block-column-is-layout-flow\" style=\"flex-basis:66.66%\">\n<p>A l\u2019initiative de l\u2019association \u201c600 ans de Nicolas de Fl\u00fce 1417\u20132017\u201d et de la fondation Fr\u00e8re Nicolas, le contact entre les lieux de vie et l\u2019\u0153uvre de Nicolas de Fl\u00fce \u00e0 Sachseln et Fl\u00fceli-Ranft et le r\u00e9seau mondial entre les paroisses, \u00e9glises, chapelles, institutions et organisations a \u00e9t\u00e9 renforc\u00e9es. Toutes ont \u00e9t\u00e9 invit\u00e9es en 2017 \u00e0 participer \u00e0 l\u2019organisation de l\u2019ann\u00e9e comm\u00e9morative afin que le plus grand nombre de personnes possible participe \u00e0 l\u2019\u00e9v\u00e9nement.<\/p>\n\n\n\n<p>Une vari\u00e9t\u00e9 inimaginable de projets a \u00e9merg\u00e9. Des c\u00e9l\u00e9brations modestes, des services religieux et des r\u00e9unions, des lectures et des entretiens, lieux de silence, nouvelles compositions, projets de th\u00e9\u00e2tre, sculptures et \u0153uvres d\u2019art telles que discussions, ateliers, pr\u00e9sentations et nouvelles publications. De plus, les sites comm\u00e9moratifs existants ont \u00e9t\u00e9 r\u00e9nov\u00e9s et revitalis\u00e9s avec de nouvelles impulsions.<\/p>\n\n\n\n<p>Par-del\u00e0 les g\u00e9n\u00e9rations et les barri\u00e8res linguistiques, des personnes de diff\u00e9rentes confessions \u00e0 travers le monde ont comm\u00e9mor\u00e9 le 600e anniversaire de la naissance de Nicolas de Fl\u00fce.<\/p>\n<\/div>\n<\/div>\n\n\n\n<div class=\"wp-block-columns is-layout-flex wp-container-core-columns-layout-3 wp-block-columns-is-layout-flex\">\n<div class=\"wp-block-column is-layout-flow wp-block-column-is-layout-flow\">\n<hr class=\"wp-block-separator\"\/>\n<\/div>\n<\/div>\n\n\n\n<div class=\"wp-block-columns is-layout-flex wp-container-core-columns-layout-4 wp-block-columns-is-layout-flex\">\n<div class=\"wp-block-column is-layout-flow wp-block-column-is-layout-flow\" style=\"flex-basis:33.33%\">\n<figure class=\"wp-block-image size-large\"><img decoding=\"async\" width=\"486\" height=\"509\" src=\"https:\/\/bruderklaus.com\/wp-content\/uploads\/2021\/03\/de_44309_dortmundkirchenfenster-von-leo-janischowsky-1b1.jpg\" alt=\"\" class=\"wp-image-3685\"\/><\/figure>\n<\/div>\n\n\n\n<div class=\"wp-block-column is-layout-flow wp-block-column-is-layout-flow\" style=\"flex-basis:66.66%\">\n<p>L&#8217;association entretient la m\u00e9moire de Nicolas de Fl\u00fce et de Dorot\u00e9ee Wyss et encourage l&#8217;appr\u00e9ciation et le d\u00e9bat avec ces deux grandes figures spirituelles. L&#8217;association cultive et renforce \u00e9galement les relations avec les institutions et les activit\u00e9s de l&#8217;\u00e9glise, de l&#8217;art et de la culture, de la science, de l&#8217;enseignement et de la litt\u00e9rature.<\/p>\n\n\n\n<p>R\u00e9v. Michael Dietliker, membre du conseil d&#8217;administration, visite r\u00e9guli\u00e8rement les lieux o\u00f9 se trouve Fr\u00e8re Nicolas dans l&#8217;Europe.<\/p>\n\n\n\n<p><\/p>\n\n\n\n<p>Image: Fen\u00eatre de Leo Janischowsky, dans l&#8217;\u00e9glise Saint Nicolas de Fl\u00fce, Dortmund<\/p>\n<\/div>\n<\/div>\n\n\n\n<div class=\"wp-block-columns is-layout-flex wp-container-core-columns-layout-5 wp-block-columns-is-layout-flex\">\n<div class=\"wp-block-column is-layout-flow wp-block-column-is-layout-flow\">\n<p><strong>Veuillez signaler les lieux de culte et les contacts qui ne sont pas encore indiqu\u00e9s sur la carte du r\u00e9seau. Nous l&#8217;enrichissons constamment.<\/strong> <a href=\"mailto:kontakt@bruderklaus.com\" data-type=\"mailto\" data-id=\"mailto:kontakt@bruderklaus.com\">Contact<\/a><\/p>\n<\/div>\n<\/div>\n","protected":false},"excerpt":{"rendered":"<p>R\u00e9seau mondial Fr\u00e8re Nicolas est beaucoup trop grand pour \u00eatre juste Obwaldien.Il est trop grand m\u00eame pour un conf\u00e9d\u00e9r\u00e9 Suisse. Il appartient au monde entier. Heinrich Federer, Schriftsteller (1866\u20131928) Le charisme de Nicolas de Fl\u00fce et de Doroth\u00e9e Wyss d\u00e9passent les fronti\u00e8res suisses. D\u2019Obwald au Br\u00e9sil, de l\u2019Allemagne \u00e0 l\u2019Inde du Sud, du Tessin aux [&hellip;]<\/p>\n","protected":false},"author":3,"featured_media":1136,"parent":10810,"menu_order":80,"comment_status":"closed","ping_status":"closed","template":"","meta":{"_acf_changed":false,"footnotes":""},"acf":[],"_links":{"self":[{"href":"https:\/\/bruderklaus.com\/fr\/wp-json\/wp\/v2\/pages\/10820"}],"collection":[{"href":"https:\/\/bruderklaus.com\/fr\/wp-json\/wp\/v2\/pages"}],"about":[{"href":"https:\/\/bruderklaus.com\/fr\/wp-json\/wp\/v2\/types\/page"}],"author":[{"embeddable":true,"href":"https:\/\/bruderklaus.com\/fr\/wp-json\/wp\/v2\/users\/3"}],"replies":[{"embeddable":true,"href":"https:\/\/bruderklaus.com\/fr\/wp-json\/wp\/v2\/comments?post=10820"}],"version-history":[{"count":8,"href":"https:\/\/bruderklaus.com\/fr\/wp-json\/wp\/v2\/pages\/10820\/revisions"}],"predecessor-version":[{"id":14509,"href":"https:\/\/bruderklaus.com\/fr\/wp-json\/wp\/v2\/pages\/10820\/revisions\/14509"}],"up":[{"embeddable":true,"href":"https:\/\/bruderklaus.com\/fr\/wp-json\/wp\/v2\/pages\/10810"}],"wp:featuredmedia":[{"embeddable":true,"href":"https:\/\/bruderklaus.com\/fr\/wp-json\/wp\/v2\/media\/1136"}],"wp:attachment":[{"href":"https:\/\/bruderklaus.com\/fr\/wp-json\/wp\/v2\/media?parent=10820"}],"curies":[{"name":"wp","href":"https:\/\/api.w.org\/{rel}","templated":true}]}}